{"id":61,"date":"2023-06-09T11:24:34","date_gmt":"2023-06-09T09:24:34","guid":{"rendered":"https:\/\/www.institut-foton.eu\/?page_id=61"},"modified":"2026-02-10T09:26:50","modified_gmt":"2026-02-10T08:26:50","slug":"nanorennes","status":"publish","type":"page","link":"https:\/\/www.institut-foton.eu\/en\/plateformes\/nanorennes\/","title":{"rendered":"nanoRennes"},"content":{"rendered":"\n<div id=\"flipbox-widget-6193\" class=\"cfb_wrapper with-image flex-row\" data-flipboxid=\"flipbox-widget-6193\" data-bootstrap-status=\"enable\" data-fontawesome-icons=\"enable\"><div class=\"flex-col-md-4 cfb-box-1 cfb-box-wrapper\">\n                            <div class=\"flipbox-container cfb-layout-2 cfb-flip cfb-hover\" data-effect=\"y\" data-height=\"equal\" >\n                            <div class=\"flipbox-front-layout cfb-data\">\n                                <div class=\"flipbox-img\"><img decoding=\"async\" src=\"https:\/\/www.institut-foton.eu\/wp-content\/uploads\/2024\/01\/nanoR-1_p.jpg\" alt=\"\" \/><\/div><\/div>\n                            <div class=\"flipbox-back-layout cfb-data\" style=\"background:#0f2950\">\n                            <h4>Plateforme nanoRennes<\/h4>\n                                <p>Site de l\u2019Institut FOTON - <a href=\"https:\/\/www.openstreetmap.org\/search?query=INSA%20Rennes#map=19\/48.12083\/-1.63215\" target=\"_blank\">INSA de Rennes, 20 avenue des Buttes de Co\u00ebsmes<\/a>\r\n\r\nSite de l\u2019IETR - <a href=\"https:\/\/www.openstreetmap.org\/search?query=IETR#map=19\/48.11702\/-1.64075\" target=\"_blank\">Universit\u00e9 de Rennes, All\u00e9e Jean Perrin<\/a><\/p><\/div>\n                            <\/div>\n                        <\/div><div class=\"flex-col-md-4 cfb-box-2 cfb-box-wrapper\">\n                            <div class=\"flipbox-container cfb-layout-2 cfb-flip cfb-hover\" data-effect=\"y\" data-height=\"equal\" >\n                            <div class=\"flipbox-front-layout cfb-data\">\n                                <div class=\"flipbox-img\"><img decoding=\"async\" src=\"https:\/\/www.institut-foton.eu\/wp-content\/uploads\/2024\/01\/nanoR-2_p.jpg\" alt=\"\" \/><\/div><\/div>\n                            <div class=\"flipbox-back-layout cfb-data\" style=\"background:#e74200\">\n                            <h4><\/h4>\n                                <p><a href=\"https:\/\/nanorennes.cnrs.fr\" target=\"_blank\"><img decoding=\"async\" src=\"https:\/\/www.institut-foton.eu\/wp-content\/uploads\/2024\/01\/logo-NanoRennes.jpg\" width=\"50%\" \/><\/p><a target=\"_blank\" href=\"https:\/\/nanorennes.cnrs.fr\/\" style=\"color:#e74200\" class=\"back-layout-btn\">nanorennes.cnrs.fr<\/a><\/div>\n                            <\/div>\n                        <\/div><div class=\"flex-col-md-4 cfb-box-3 cfb-box-wrapper\">\n                            <div class=\"flipbox-container cfb-layout-2 cfb-flip cfb-hover\" data-effect=\"y\" data-height=\"equal\" >\n                            <div class=\"flipbox-front-layout cfb-data\">\n                                <div class=\"flipbox-img\"><img decoding=\"async\" src=\"https:\/\/www.institut-foton.eu\/wp-content\/uploads\/2024\/01\/nanoR-3_p.jpg\" alt=\"\" \/><\/div><\/div>\n                            <div class=\"flipbox-back-layout cfb-data\" style=\"background:#4584c1\">\n                            <h4>Vous souhaitez monter un projet avec la plateforme nanoRennes ?<\/h4>\n                                <p><\/p><a target=\"_blank\" href=\"https:\/\/nanorennes.cnrs.fr\/travailler-avec-nous\/\" style=\"color:#4584c1\" class=\"back-layout-btn\">nanorennes.cnrs.fr\/travailler-avec-nous<\/a><\/div>\n                            <\/div>\n                        <\/div><\/div>\n\n\n\n<h2 class=\"wp-block-heading plat\">Presentation<\/h2>\n\n\n\n<p>Created around 2007, the nanoRennes platform stems from the CNRS&#8217;s desire to pool equipment dedicated to micro-nanofabrication. This platform consists in pooling the technological and human resources of the DMM-IETR (Microelectronics &amp; Microsensors-IETR Department) and FOTON-INSA laboratories in Rennes.<\/p>\n\n\n\n<p>As such, and in addition to the national network of the CNRS&#8217;s 6 major technology centers (Renatech), nanoRennes joined the CNRS&#8217;s network of 9 local technology platforms, known as the &#8220;second circle&#8221;, in 2009.<\/p>\n\n\n\n<p>nanoRennes, like the IEMN&#8217;s Renatech platform, is therefore a reference technology center for the C&#8217;nano Grand Nord Ouest network. nanoRennes&#8217; mission is to provide nano-micro-fabrication services to support academic and industrial laboratories at regional and national level, as well as the Renatech network platforms, in line with its skills and know-how.<\/p>\n\n\n\n<p><a href=\"https:\/\/nano-rennes.insa-rennes.fr\">https:\/\/nano-rennes.insa-rennes.fr<\/a><\/p>\n\n\n\n<h2 class=\"wp-block-heading plat\">People involved<\/h2>\n\n\n\n<div class=\"wp-block-query is-layout-flow wp-block-query-is-layout-flow\"><ul style=\"font-size:34px;\" class=\"columns-6 wp-block-post-template is-layout-grid wp-container-core-post-template-is-layout-63d9e32e wp-block-post-template-is-layout-grid\"><li class=\"wp-block-post post-3568 post type-post status-publish format-standard has-post-thumbnail hentry category-personnels category-personnels-techniques-et-administratifs tag-departement-ohm tag-nanorennes\">\n<figure style=\"aspect-ratio:1;width:100%;\" class=\"alignwide wp-block-post-featured-image\"><a href=\"https:\/\/www.institut-foton.eu\/en\/batte-thomas\/\" target=\"_self\"  ><img loading=\"lazy\" decoding=\"async\" width=\"512\" height=\"512\" src=\"https:\/\/www.institut-foton.eu\/wp-content\/uploads\/Personnels\/batte_thomas.jpg\" class=\"attachment-post-thumbnail size-post-thumbnail wp-post-image\" alt=\"BATT\u00c9 Thomas\" style=\"width:100%;height:100%;object-fit:cover;\" srcset=\"https:\/\/www.institut-foton.eu\/wp-content\/uploads\/Personnels\/batte_thomas.jpg 512w, https:\/\/www.institut-foton.eu\/wp-content\/uploads\/Personnels\/batte_thomas-300x300.jpg 300w, https:\/\/www.institut-foton.eu\/wp-content\/uploads\/Personnels\/batte_thomas-150x150.jpg 150w, https:\/\/www.institut-foton.eu\/wp-content\/uploads\/Personnels\/batte_thomas-270x270.jpg 270w, https:\/\/www.institut-foton.eu\/wp-content\/uploads\/Personnels\/batte_thomas-230x230.jpg 230w\" sizes=\"auto, (max-width: 512px) 100vw, 512px\" \/><\/a><\/figure>\n\n<h3 class=\"has-text-align-center wp-block-post-title has-small-font-size\"><a href=\"https:\/\/www.institut-foton.eu\/en\/batte-thomas\/\" target=\"_self\" >BATT\u00c9 Thomas<\/a><\/h3>\n\n<div class=\"has-text-align-left minimargetop wp-block-post-excerpt has-small-font-size\"><p class=\"wp-block-post-excerpt__excerpt\">(+33)2&nbsp;23&nbsp;23&nbsp;84&nbsp;99 Engineer <\/p><\/div>\n\n\n<hr class=\"wp-block-separator has-css-opacity\"\/>\n\n<\/li><li class=\"wp-block-post post-3569 post type-post status-publish format-standard has-post-thumbnail hentry category-personnels category-chercheurs-et-enseignants-chercheurs tag-departement-ohm tag-nanorennes\">\n<figure style=\"aspect-ratio:1;width:100%;\" class=\"alignwide wp-block-post-featured-image\"><a href=\"https:\/\/www.institut-foton.eu\/en\/beck-alexandre\/\" target=\"_self\"  ><img loading=\"lazy\" decoding=\"async\" width=\"512\" height=\"512\" src=\"https:\/\/www.institut-foton.eu\/wp-content\/uploads\/Personnels\/beck_alexandre.jpg\" class=\"attachment-post-thumbnail size-post-thumbnail wp-post-image\" alt=\"BECK Alexandre\" style=\"width:100%;height:100%;object-fit:cover;\" srcset=\"https:\/\/www.institut-foton.eu\/wp-content\/uploads\/Personnels\/beck_alexandre.jpg 512w, https:\/\/www.institut-foton.eu\/wp-content\/uploads\/Personnels\/beck_alexandre-300x300.jpg 300w, https:\/\/www.institut-foton.eu\/wp-content\/uploads\/Personnels\/beck_alexandre-150x150.jpg 150w, https:\/\/www.institut-foton.eu\/wp-content\/uploads\/Personnels\/beck_alexandre-270x270.jpg 270w, https:\/\/www.institut-foton.eu\/wp-content\/uploads\/Personnels\/beck_alexandre-230x230.jpg 230w\" sizes=\"auto, (max-width: 512px) 100vw, 512px\" \/><\/a><\/figure>\n\n<h3 class=\"has-text-align-center wp-block-post-title has-small-font-size\"><a href=\"https:\/\/www.institut-foton.eu\/en\/beck-alexandre\/\" target=\"_self\" >BECK Alexandre<\/a><\/h3>\n\n<div class=\"has-text-align-left minimargetop wp-block-post-excerpt has-small-font-size\"><p class=\"wp-block-post-excerpt__excerpt\">(+33)2&nbsp;23&nbsp;23&nbsp;88&nbsp;90 Associate Professor <\/p><\/div>\n\n\n<hr class=\"wp-block-separator has-css-opacity\"\/>\n\n<\/li><li class=\"wp-block-post post-3574 post type-post status-publish format-standard has-post-thumbnail hentry category-personnels category-chercheurs-et-enseignants-chercheurs tag-departement-ohm tag-nanorennes\">\n<figure style=\"aspect-ratio:1;width:100%;\" class=\"alignwide wp-block-post-featured-image\"><a href=\"https:\/\/www.institut-foton.eu\/en\/bertru-nicolas\/\" target=\"_self\"  ><img loading=\"lazy\" decoding=\"async\" width=\"512\" height=\"512\" src=\"https:\/\/www.institut-foton.eu\/wp-content\/uploads\/Personnels\/bertru_nicolas.jpg\" class=\"attachment-post-thumbnail size-post-thumbnail wp-post-image\" alt=\"BERTRU Nicolas\" style=\"width:100%;height:100%;object-fit:cover;\" srcset=\"https:\/\/www.institut-foton.eu\/wp-content\/uploads\/Personnels\/bertru_nicolas.jpg 512w, https:\/\/www.institut-foton.eu\/wp-content\/uploads\/Personnels\/bertru_nicolas-300x300.jpg 300w, https:\/\/www.institut-foton.eu\/wp-content\/uploads\/Personnels\/bertru_nicolas-150x150.jpg 150w, https:\/\/www.institut-foton.eu\/wp-content\/uploads\/Personnels\/bertru_nicolas-270x270.jpg 270w, https:\/\/www.institut-foton.eu\/wp-content\/uploads\/Personnels\/bertru_nicolas-230x230.jpg 230w\" sizes=\"auto, (max-width: 512px) 100vw, 512px\" \/><\/a><\/figure>\n\n<h3 class=\"has-text-align-center wp-block-post-title has-small-font-size\"><a href=\"https:\/\/www.institut-foton.eu\/en\/bertru-nicolas\/\" target=\"_self\" >BERTRU Nicolas<\/a><\/h3>\n\n<div class=\"has-text-align-left minimargetop wp-block-post-excerpt has-small-font-size\"><p class=\"wp-block-post-excerpt__excerpt\">(+33)2&nbsp;23&nbsp;23&nbsp;86&nbsp;48 Professor <\/p><\/div>\n\n\n<hr class=\"wp-block-separator has-css-opacity\"\/>\n\n<\/li><li class=\"wp-block-post post-3589 post type-post status-publish format-standard has-post-thumbnail hentry category-personnels category-personnels-techniques-et-administratifs tag-departement-ohm tag-nanorennes\">\n<figure style=\"aspect-ratio:1;width:100%;\" class=\"alignwide wp-block-post-featured-image\"><a href=\"https:\/\/www.institut-foton.eu\/en\/chevalier-nicolas\/\" target=\"_self\"  ><img loading=\"lazy\" decoding=\"async\" width=\"512\" height=\"512\" src=\"https:\/\/www.institut-foton.eu\/wp-content\/uploads\/Personnels\/chevalier_nicolas.jpg\" class=\"attachment-post-thumbnail size-post-thumbnail wp-post-image\" alt=\"CHEVALIER Nicolas\" style=\"width:100%;height:100%;object-fit:cover;\" srcset=\"https:\/\/www.institut-foton.eu\/wp-content\/uploads\/Personnels\/chevalier_nicolas.jpg 512w, https:\/\/www.institut-foton.eu\/wp-content\/uploads\/Personnels\/chevalier_nicolas-300x300.jpg 300w, https:\/\/www.institut-foton.eu\/wp-content\/uploads\/Personnels\/chevalier_nicolas-150x150.jpg 150w, https:\/\/www.institut-foton.eu\/wp-content\/uploads\/Personnels\/chevalier_nicolas-270x270.jpg 270w, https:\/\/www.institut-foton.eu\/wp-content\/uploads\/Personnels\/chevalier_nicolas-230x230.jpg 230w\" sizes=\"auto, (max-width: 512px) 100vw, 512px\" \/><\/a><\/figure>\n\n<h3 class=\"has-text-align-center wp-block-post-title has-small-font-size\"><a href=\"https:\/\/www.institut-foton.eu\/en\/chevalier-nicolas\/\" target=\"_self\" >CHEVALIER Nicolas<\/a><\/h3>\n\n<div class=\"has-text-align-left minimargetop wp-block-post-excerpt has-small-font-size\"><p class=\"wp-block-post-excerpt__excerpt\">(+33)2&nbsp;23&nbsp;23&nbsp;84&nbsp;65 Engineer <\/p><\/div>\n\n\n<hr class=\"wp-block-separator has-css-opacity\"\/>\n\n<\/li><li class=\"wp-block-post post-3590 post type-post status-publish format-standard has-post-thumbnail hentry category-personnels category-personnels-techniques-et-administratifs tag-departement-ohm tag-nanorennes\">\n<figure style=\"aspect-ratio:1;width:100%;\" class=\"alignwide wp-block-post-featured-image\"><a href=\"https:\/\/www.institut-foton.eu\/en\/coqueux-mickael\/\" target=\"_self\"  ><img loading=\"lazy\" decoding=\"async\" width=\"512\" height=\"512\" src=\"https:\/\/www.institut-foton.eu\/wp-content\/uploads\/Personnels\/coqueux_mickael.jpg\" class=\"attachment-post-thumbnail size-post-thumbnail wp-post-image\" alt=\"COQUEUX Mickael\" style=\"width:100%;height:100%;object-fit:cover;\" srcset=\"https:\/\/www.institut-foton.eu\/wp-content\/uploads\/Personnels\/coqueux_mickael.jpg 512w, https:\/\/www.institut-foton.eu\/wp-content\/uploads\/Personnels\/coqueux_mickael-300x300.jpg 300w, https:\/\/www.institut-foton.eu\/wp-content\/uploads\/Personnels\/coqueux_mickael-150x150.jpg 150w, https:\/\/www.institut-foton.eu\/wp-content\/uploads\/Personnels\/coqueux_mickael-270x270.jpg 270w, https:\/\/www.institut-foton.eu\/wp-content\/uploads\/Personnels\/coqueux_mickael-230x230.jpg 230w\" sizes=\"auto, (max-width: 512px) 100vw, 512px\" \/><\/a><\/figure>\n\n<h3 class=\"has-text-align-center wp-block-post-title has-small-font-size\"><a href=\"https:\/\/www.institut-foton.eu\/en\/coqueux-mickael\/\" target=\"_self\" >COQUEUX Mickael<\/a><\/h3>\n\n<div class=\"has-text-align-left minimargetop wp-block-post-excerpt has-small-font-size\"><p class=\"wp-block-post-excerpt__excerpt\">(+33)2&nbsp;23&nbsp;23&nbsp;84&nbsp;98 or&nbsp;(+33)2&nbsp;23&nbsp;23&nbsp;83&nbsp;95 Technician <\/p><\/div>\n\n\n<hr class=\"wp-block-separator has-css-opacity\"\/>\n\n<\/li><li class=\"wp-block-post post-3591 post type-post status-publish format-standard has-post-thumbnail hentry category-personnels category-chercheurs-et-enseignants-chercheurs tag-departement-ohm tag-nanorennes\">\n<figure style=\"aspect-ratio:1;width:100%;\" class=\"alignwide wp-block-post-featured-image\"><a href=\"https:\/\/www.institut-foton.eu\/en\/cornet-charles\/\" target=\"_self\"  ><img loading=\"lazy\" decoding=\"async\" width=\"1979\" height=\"1978\" src=\"https:\/\/www.institut-foton.eu\/wp-content\/uploads\/Personnels\/cornet_charles.jpg\" class=\"attachment-post-thumbnail size-post-thumbnail wp-post-image\" alt=\"CORNET Charles\" style=\"width:100%;height:100%;object-fit:cover;\" srcset=\"https:\/\/www.institut-foton.eu\/wp-content\/uploads\/Personnels\/cornet_charles.jpg 1979w, https:\/\/www.institut-foton.eu\/wp-content\/uploads\/Personnels\/cornet_charles-300x300.jpg 300w, https:\/\/www.institut-foton.eu\/wp-content\/uploads\/Personnels\/cornet_charles-1024x1024.jpg 1024w, https:\/\/www.institut-foton.eu\/wp-content\/uploads\/Personnels\/cornet_charles-150x150.jpg 150w, https:\/\/www.institut-foton.eu\/wp-content\/uploads\/Personnels\/cornet_charles-768x768.jpg 768w, https:\/\/www.institut-foton.eu\/wp-content\/uploads\/Personnels\/cornet_charles-1536x1536.jpg 1536w, https:\/\/www.institut-foton.eu\/wp-content\/uploads\/Personnels\/cornet_charles-270x270.jpg 270w, https:\/\/www.institut-foton.eu\/wp-content\/uploads\/Personnels\/cornet_charles-230x230.jpg 230w\" sizes=\"auto, (max-width: 1979px) 100vw, 1979px\" \/><\/a><\/figure>\n\n<h3 class=\"has-text-align-center wp-block-post-title has-small-font-size\"><a href=\"https:\/\/www.institut-foton.eu\/en\/cornet-charles\/\" target=\"_self\" >CORNET Charles<\/a><\/h3>\n\n<div class=\"has-text-align-left minimargetop wp-block-post-excerpt has-small-font-size\"><p class=\"wp-block-post-excerpt__excerpt\">(+33)2&nbsp;23&nbsp;23&nbsp;83&nbsp;99 Professor <\/p><\/div>\n\n\n<hr class=\"wp-block-separator has-css-opacity\"\/>\n\n<\/li><li class=\"wp-block-post post-3599 post type-post status-publish format-standard has-post-thumbnail hentry category-personnels category-chercheurs-et-enseignants-chercheurs tag-departement-ohm tag-nanorennes\">\n<figure style=\"aspect-ratio:1;width:100%;\" class=\"alignwide wp-block-post-featured-image\"><a href=\"https:\/\/www.institut-foton.eu\/en\/folliot-herve\/\" target=\"_self\"  ><img loading=\"lazy\" decoding=\"async\" width=\"800\" height=\"974\" src=\"https:\/\/www.institut-foton.eu\/wp-content\/uploads\/Personnels\/folliot_herve.jpg\" class=\"attachment-post-thumbnail size-post-thumbnail wp-post-image\" alt=\"FOLLIOT Herv\u00e9\" style=\"width:100%;height:100%;object-fit:cover;\" srcset=\"https:\/\/www.institut-foton.eu\/wp-content\/uploads\/Personnels\/folliot_herve.jpg 800w, https:\/\/www.institut-foton.eu\/wp-content\/uploads\/Personnels\/folliot_herve-246x300.jpg 246w, https:\/\/www.institut-foton.eu\/wp-content\/uploads\/Personnels\/folliot_herve-768x935.jpg 768w\" sizes=\"auto, (max-width: 800px) 100vw, 800px\" \/><\/a><\/figure>\n\n<h3 class=\"has-text-align-center wp-block-post-title has-small-font-size\"><a href=\"https:\/\/www.institut-foton.eu\/en\/folliot-herve\/\" target=\"_self\" >FOLLIOT Herv\u00e9<\/a><\/h3>\n\n<div class=\"has-text-align-left minimargetop wp-block-post-excerpt has-small-font-size\"><p class=\"wp-block-post-excerpt__excerpt\">(+33)2&nbsp;23&nbsp;23&nbsp;86&nbsp;51 Professor <\/p><\/div>\n\n\n<hr class=\"wp-block-separator has-css-opacity\"\/>\n\n<\/li><li class=\"wp-block-post post-3603 post type-post status-publish format-standard has-post-thumbnail hentry category-personnels category-personnels-techniques-et-administratifs tag-departement-ohm tag-nanorennes\">\n<figure style=\"aspect-ratio:1;width:100%;\" class=\"alignwide wp-block-post-featured-image\"><a href=\"https:\/\/www.institut-foton.eu\/en\/gautheron-bernard-rozenn\/\" target=\"_self\"  ><img loading=\"lazy\" decoding=\"async\" width=\"186\" height=\"220\" src=\"https:\/\/www.institut-foton.eu\/wp-content\/uploads\/Personnels\/gautheron-bernard_rozenn.jpg\" class=\"attachment-post-thumbnail size-post-thumbnail wp-post-image\" alt=\"GAUTHERON-BERNARD Rozenn\" style=\"width:100%;height:100%;object-fit:cover;\" \/><\/a><\/figure>\n\n<h3 class=\"has-text-align-center wp-block-post-title has-small-font-size\"><a href=\"https:\/\/www.institut-foton.eu\/en\/gautheron-bernard-rozenn\/\" target=\"_self\" >GAUTHERON-BERNARD Rozenn<\/a><\/h3>\n\n<div class=\"has-text-align-left minimargetop wp-block-post-excerpt has-small-font-size\"><p class=\"wp-block-post-excerpt__excerpt\">(+33)2&nbsp;23&nbsp;23&nbsp;83&nbsp;22 Research Engineer Responsable technique nanoRennes <\/p><\/div>\n\n\n<hr class=\"wp-block-separator has-css-opacity\"\/>\n\n<\/li><li class=\"wp-block-post post-3620 post type-post status-publish format-standard has-post-thumbnail hentry category-personnels category-personnels-techniques-et-administratifs tag-departement-ohm tag-nanorennes\">\n<figure style=\"aspect-ratio:1;width:100%;\" class=\"alignwide wp-block-post-featured-image\"><a href=\"https:\/\/www.institut-foton.eu\/en\/lapeyre-julien\/\" target=\"_self\"  ><img loading=\"lazy\" decoding=\"async\" width=\"512\" height=\"512\" src=\"https:\/\/www.institut-foton.eu\/wp-content\/uploads\/Personnels\/lapeyre_julien.jpg\" class=\"attachment-post-thumbnail size-post-thumbnail wp-post-image\" alt=\"LAPEYRE Julien\" style=\"width:100%;height:100%;object-fit:cover;\" srcset=\"https:\/\/www.institut-foton.eu\/wp-content\/uploads\/Personnels\/lapeyre_julien.jpg 512w, https:\/\/www.institut-foton.eu\/wp-content\/uploads\/Personnels\/lapeyre_julien-300x300.jpg 300w, https:\/\/www.institut-foton.eu\/wp-content\/uploads\/Personnels\/lapeyre_julien-150x150.jpg 150w, https:\/\/www.institut-foton.eu\/wp-content\/uploads\/Personnels\/lapeyre_julien-270x270.jpg 270w, https:\/\/www.institut-foton.eu\/wp-content\/uploads\/Personnels\/lapeyre_julien-230x230.jpg 230w\" sizes=\"auto, (max-width: 512px) 100vw, 512px\" \/><\/a><\/figure>\n\n<h3 class=\"has-text-align-center wp-block-post-title has-small-font-size\"><a href=\"https:\/\/www.institut-foton.eu\/en\/lapeyre-julien\/\" target=\"_self\" >LAPEYRE Julien<\/a><\/h3>\n\n<div class=\"has-text-align-left minimargetop wp-block-post-excerpt has-small-font-size\"><p class=\"wp-block-post-excerpt__excerpt\">(+33)2&nbsp;23&nbsp;23&nbsp;84&nbsp;98 or&nbsp;(+33)2&nbsp;23&nbsp;23&nbsp;87&nbsp;72 Technician <\/p><\/div>\n\n\n<hr class=\"wp-block-separator has-css-opacity\"\/>\n\n<\/li><li class=\"wp-block-post post-3625 post type-post status-publish format-standard has-post-thumbnail hentry category-personnels category-personnels-techniques-et-administratifs tag-departement-ohm tag-nanorennes\">\n<figure style=\"aspect-ratio:1;width:100%;\" class=\"alignwide wp-block-post-featured-image\"><a href=\"https:\/\/www.institut-foton.eu\/en\/le-pouliquen-julie\/\" target=\"_self\"  ><img loading=\"lazy\" decoding=\"async\" width=\"805\" height=\"1028\" src=\"https:\/\/www.institut-foton.eu\/wp-content\/uploads\/Personnels\/lepouliquen_julie.jpg\" class=\"attachment-post-thumbnail size-post-thumbnail wp-post-image\" alt=\"LE POULIQUEN Julie\" style=\"width:100%;height:100%;object-fit:cover;\" srcset=\"https:\/\/www.institut-foton.eu\/wp-content\/uploads\/Personnels\/lepouliquen_julie.jpg 805w, https:\/\/www.institut-foton.eu\/wp-content\/uploads\/Personnels\/lepouliquen_julie-235x300.jpg 235w, https:\/\/www.institut-foton.eu\/wp-content\/uploads\/Personnels\/lepouliquen_julie-802x1024.jpg 802w, https:\/\/www.institut-foton.eu\/wp-content\/uploads\/Personnels\/lepouliquen_julie-768x981.jpg 768w\" sizes=\"auto, (max-width: 805px) 100vw, 805px\" \/><\/a><\/figure>\n\n<h3 class=\"has-text-align-center wp-block-post-title has-small-font-size\"><a href=\"https:\/\/www.institut-foton.eu\/en\/le-pouliquen-julie\/\" target=\"_self\" >LE POULIQUEN Julie<\/a><\/h3>\n\n<div class=\"has-text-align-left minimargetop wp-block-post-excerpt has-small-font-size\"><p class=\"wp-block-post-excerpt__excerpt\">(+33)2&nbsp;23&nbsp;23&nbsp;88&nbsp;67 Technician <\/p><\/div>\n\n\n<hr class=\"wp-block-separator has-css-opacity\"\/>\n\n<\/li><li class=\"wp-block-post post-3631 post type-post status-publish format-standard has-post-thumbnail hentry category-personnels category-chercheurs-et-enseignants-chercheurs tag-departement-ohm tag-nanorennes\">\n<figure style=\"aspect-ratio:1;width:100%;\" class=\"alignwide wp-block-post-featured-image\"><a href=\"https:\/\/www.institut-foton.eu\/en\/letoublon-antoine\/\" target=\"_self\"  ><img loading=\"lazy\" decoding=\"async\" width=\"668\" height=\"872\" src=\"https:\/\/www.institut-foton.eu\/wp-content\/uploads\/Personnels\/letoublon_antoine.jpg\" class=\"attachment-post-thumbnail size-post-thumbnail wp-post-image\" alt=\"LETOUBLON Antoine\" style=\"width:100%;height:100%;object-fit:cover;\" srcset=\"https:\/\/www.institut-foton.eu\/wp-content\/uploads\/Personnels\/letoublon_antoine.jpg 668w, https:\/\/www.institut-foton.eu\/wp-content\/uploads\/Personnels\/letoublon_antoine-230x300.jpg 230w\" sizes=\"auto, (max-width: 668px) 100vw, 668px\" \/><\/a><\/figure>\n\n<h3 class=\"has-text-align-center wp-block-post-title has-small-font-size\"><a href=\"https:\/\/www.institut-foton.eu\/en\/letoublon-antoine\/\" target=\"_self\" >LETOUBLON Antoine<\/a><\/h3>\n\n<div class=\"has-text-align-left minimargetop wp-block-post-excerpt has-small-font-size\"><p class=\"wp-block-post-excerpt__excerpt\">(+33)2&nbsp;23&nbsp;23&nbsp;82&nbsp;97 Associate Professor <\/p><\/div>\n\n\n<hr class=\"wp-block-separator has-css-opacity\"\/>\n\n<\/li><li class=\"wp-block-post post-3632 post type-post status-publish format-standard has-post-thumbnail hentry category-personnels category-chercheurs-et-enseignants-chercheurs tag-departement-ohm tag-nanorennes\">\n<figure style=\"aspect-ratio:1;width:100%;\" class=\"alignwide wp-block-post-featured-image\"><a href=\"https:\/\/www.institut-foton.eu\/en\/levallois-christophe\/\" target=\"_self\"  ><img loading=\"lazy\" decoding=\"async\" width=\"1359\" height=\"1562\" src=\"https:\/\/www.institut-foton.eu\/wp-content\/uploads\/Personnels\/levallois_christophe.jpg\" class=\"attachment-post-thumbnail size-post-thumbnail wp-post-image\" alt=\"LEVALLOIS Christophe\" style=\"width:100%;height:100%;object-fit:cover;\" srcset=\"https:\/\/www.institut-foton.eu\/wp-content\/uploads\/Personnels\/levallois_christophe.jpg 1359w, https:\/\/www.institut-foton.eu\/wp-content\/uploads\/Personnels\/levallois_christophe-261x300.jpg 261w, https:\/\/www.institut-foton.eu\/wp-content\/uploads\/Personnels\/levallois_christophe-891x1024.jpg 891w, https:\/\/www.institut-foton.eu\/wp-content\/uploads\/Personnels\/levallois_christophe-768x883.jpg 768w, https:\/\/www.institut-foton.eu\/wp-content\/uploads\/Personnels\/levallois_christophe-1336x1536.jpg 1336w\" sizes=\"auto, (max-width: 1359px) 100vw, 1359px\" \/><\/a><\/figure>\n\n<h3 class=\"has-text-align-center wp-block-post-title has-small-font-size\"><a href=\"https:\/\/www.institut-foton.eu\/en\/levallois-christophe\/\" target=\"_self\" >LEVALLOIS Christophe<\/a><\/h3>\n\n<div class=\"has-text-align-left minimargetop wp-block-post-excerpt has-small-font-size\"><p class=\"wp-block-post-excerpt__excerpt\">(+33)2&nbsp;23&nbsp;23&nbsp;86&nbsp;42 Associate Professor Responsable scientifique nanoRennes <\/p><\/div>\n\n\n<hr class=\"wp-block-separator has-css-opacity\"\/>\n\n<\/li><li class=\"wp-block-post post-3638 post type-post status-publish format-standard has-post-thumbnail hentry category-personnels category-personnels-techniques-et-administratifs tag-departement-ohm tag-nanorennes\">\n<figure style=\"aspect-ratio:1;width:100%;\" class=\"alignwide wp-block-post-featured-image\"><a href=\"https:\/\/www.institut-foton.eu\/en\/meziani-sofiane\/\" target=\"_self\"  ><img loading=\"lazy\" decoding=\"async\" width=\"935\" height=\"1043\" src=\"https:\/\/www.institut-foton.eu\/wp-content\/uploads\/Personnels\/meziani_sofiane.jpg\" class=\"attachment-post-thumbnail size-post-thumbnail wp-post-image\" alt=\"MEZIANI Sofiane\" style=\"width:100%;height:100%;object-fit:cover;\" srcset=\"https:\/\/www.institut-foton.eu\/wp-content\/uploads\/Personnels\/meziani_sofiane.jpg 935w, https:\/\/www.institut-foton.eu\/wp-content\/uploads\/Personnels\/meziani_sofiane-269x300.jpg 269w, https:\/\/www.institut-foton.eu\/wp-content\/uploads\/Personnels\/meziani_sofiane-918x1024.jpg 918w, https:\/\/www.institut-foton.eu\/wp-content\/uploads\/Personnels\/meziani_sofiane-768x857.jpg 768w\" sizes=\"auto, (max-width: 935px) 100vw, 935px\" \/><\/a><\/figure>\n\n<h3 class=\"has-text-align-center wp-block-post-title has-small-font-size\"><a href=\"https:\/\/www.institut-foton.eu\/en\/meziani-sofiane\/\" target=\"_self\" >MEZIANI Sofiane<\/a><\/h3>\n\n<div class=\"has-text-align-left minimargetop wp-block-post-excerpt has-small-font-size\"><p class=\"wp-block-post-excerpt__excerpt\">(+33)2&nbsp;23&nbsp;23&nbsp;87&nbsp;94 Research Engineer <\/p><\/div>\n\n\n<hr class=\"wp-block-separator has-css-opacity\"\/>\n\n<\/li><li class=\"wp-block-post post-3642 post type-post status-publish format-standard has-post-thumbnail hentry category-personnels category-chercheurs-et-enseignants-chercheurs tag-departement-ohm tag-nanorennes\">\n<figure style=\"aspect-ratio:1;width:100%;\" class=\"alignwide wp-block-post-featured-image\"><a href=\"https:\/\/www.institut-foton.eu\/en\/paranthoen-cyril\/\" target=\"_self\"  ><img loading=\"lazy\" decoding=\"async\" width=\"6111\" height=\"8067\" src=\"https:\/\/www.institut-foton.eu\/wp-content\/uploads\/Personnels\/paranthoen_cyril.jpg\" class=\"attachment-post-thumbnail size-post-thumbnail wp-post-image\" alt=\"PARANTHOEN Cyril\" style=\"width:100%;height:100%;object-fit:cover;\" srcset=\"https:\/\/www.institut-foton.eu\/wp-content\/uploads\/Personnels\/paranthoen_cyril.jpg 6111w, https:\/\/www.institut-foton.eu\/wp-content\/uploads\/Personnels\/paranthoen_cyril-227x300.jpg 227w, https:\/\/www.institut-foton.eu\/wp-content\/uploads\/Personnels\/paranthoen_cyril-776x1024.jpg 776w, https:\/\/www.institut-foton.eu\/wp-content\/uploads\/Personnels\/paranthoen_cyril-768x1014.jpg 768w\" sizes=\"auto, (max-width: 6111px) 100vw, 6111px\" \/><\/a><\/figure>\n\n<h3 class=\"has-text-align-center wp-block-post-title has-small-font-size\"><a href=\"https:\/\/www.institut-foton.eu\/en\/paranthoen-cyril\/\" target=\"_self\" >PARANTHOEN Cyril<\/a><\/h3>\n\n<div class=\"has-text-align-left minimargetop wp-block-post-excerpt has-small-font-size\"><p class=\"wp-block-post-excerpt__excerpt\">(+33)2&nbsp;23&nbsp;23&nbsp;86&nbsp;18 Associate Professor <\/p><\/div>\n\n\n<hr class=\"wp-block-separator has-css-opacity\"\/>\n\n<\/li><li class=\"wp-block-post post-3645 post type-post status-publish format-standard has-post-thumbnail hentry category-personnels category-chercheurs-et-enseignants-chercheurs tag-departement-ohm tag-nanorennes\">\n<figure style=\"aspect-ratio:1;width:100%;\" class=\"alignwide wp-block-post-featured-image\"><a href=\"https:\/\/www.institut-foton.eu\/en\/perrin-mathieu\/\" target=\"_self\"  ><img loading=\"lazy\" decoding=\"async\" width=\"357\" height=\"450\" src=\"https:\/\/www.institut-foton.eu\/wp-content\/uploads\/Personnels\/perrin_mathieu.jpg\" class=\"attachment-post-thumbnail size-post-thumbnail wp-post-image\" alt=\"PERRIN Mathieu\" style=\"width:100%;height:100%;object-fit:cover;\" srcset=\"https:\/\/www.institut-foton.eu\/wp-content\/uploads\/Personnels\/perrin_mathieu.jpg 357w, https:\/\/www.institut-foton.eu\/wp-content\/uploads\/Personnels\/perrin_mathieu-238x300.jpg 238w\" sizes=\"auto, (max-width: 357px) 100vw, 357px\" \/><\/a><\/figure>\n\n<h3 class=\"has-text-align-center wp-block-post-title has-small-font-size\"><a href=\"https:\/\/www.institut-foton.eu\/en\/perrin-mathieu\/\" target=\"_self\" >PERRIN Mathieu<\/a><\/h3>\n\n<div class=\"has-text-align-left minimargetop wp-block-post-excerpt has-small-font-size\"><p class=\"wp-block-post-excerpt__excerpt\">(+33)2&nbsp;23&nbsp;23&nbsp;85&nbsp;75 Associate Professor <\/p><\/div>\n\n\n<hr class=\"wp-block-separator has-css-opacity\"\/>\n\n<\/li><li class=\"wp-block-post post-3648 post type-post status-publish format-standard has-post-thumbnail hentry category-personnels category-chercheurs-et-enseignants-chercheurs tag-departement-ohm tag-nanorennes\">\n<figure style=\"aspect-ratio:1;width:100%;\" class=\"alignwide wp-block-post-featured-image\"><a href=\"https:\/\/www.institut-foton.eu\/en\/piron-rozenn\/\" target=\"_self\"  ><img loading=\"lazy\" decoding=\"async\" width=\"104\" height=\"120\" src=\"https:\/\/www.institut-foton.eu\/wp-content\/uploads\/Personnels\/piron_rozenn.jpg\" class=\"attachment-post-thumbnail size-post-thumbnail wp-post-image\" alt=\"PIRON Rozenn\" style=\"width:100%;height:100%;object-fit:cover;\" \/><\/a><\/figure>\n\n<h3 class=\"has-text-align-center wp-block-post-title has-small-font-size\"><a href=\"https:\/\/www.institut-foton.eu\/en\/piron-rozenn\/\" target=\"_self\" >PIRON Rozenn<\/a><\/h3>\n\n<div class=\"has-text-align-left minimargetop wp-block-post-excerpt has-small-font-size\"><p class=\"wp-block-post-excerpt__excerpt\">(+33)2&nbsp;23&nbsp;23&nbsp;83&nbsp;00 Associate Professor <\/p><\/div>\n\n\n<hr class=\"wp-block-separator has-css-opacity\"\/>\n\n<\/li><li class=\"wp-block-post post-3651 post type-post status-publish format-standard has-post-thumbnail hentry category-personnels category-personnels-techniques-et-administratifs tag-departement-ohm tag-nanorennes\">\n<figure style=\"aspect-ratio:1;width:100%;\" class=\"alignwide wp-block-post-featured-image\"><a href=\"https:\/\/www.institut-foton.eu\/en\/rambaud-anthony\/\" target=\"_self\"  ><img loading=\"lazy\" decoding=\"async\" width=\"317\" height=\"211\" src=\"https:\/\/www.institut-foton.eu\/wp-content\/uploads\/Personnels\/rambaud_anthony.jpg\" class=\"attachment-post-thumbnail size-post-thumbnail wp-post-image\" alt=\"RAMBAUD Anthony\" style=\"width:100%;height:100%;object-fit:cover;\" srcset=\"https:\/\/www.institut-foton.eu\/wp-content\/uploads\/Personnels\/rambaud_anthony.jpg 317w, https:\/\/www.institut-foton.eu\/wp-content\/uploads\/Personnels\/rambaud_anthony-300x200.jpg 300w\" sizes=\"auto, (max-width: 317px) 100vw, 317px\" \/><\/a><\/figure>\n\n<h3 class=\"has-text-align-center wp-block-post-title has-small-font-size\"><a href=\"https:\/\/www.institut-foton.eu\/en\/rambaud-anthony\/\" target=\"_self\" >RAMBAUD Anthony<\/a><\/h3>\n\n<div class=\"has-text-align-left minimargetop wp-block-post-excerpt has-small-font-size\"><p class=\"wp-block-post-excerpt__excerpt\">(+33)2&nbsp;23&nbsp;23&nbsp;86&nbsp;43 Technician <\/p><\/div>\n\n\n<hr class=\"wp-block-separator has-css-opacity\"\/>\n\n<\/li><li class=\"wp-block-post post-3653 post type-post status-publish format-standard has-post-thumbnail hentry category-personnels category-personnels-techniques-et-administratifs tag-departement-ohm tag-nanorennes\">\n<figure style=\"aspect-ratio:1;width:100%;\" class=\"alignwide wp-block-post-featured-image\"><a href=\"https:\/\/www.institut-foton.eu\/en\/rohel-tony\/\" target=\"_self\"  ><img loading=\"lazy\" decoding=\"async\" width=\"512\" height=\"512\" src=\"https:\/\/www.institut-foton.eu\/wp-content\/uploads\/Personnels\/rohel_tony.jpg\" class=\"attachment-post-thumbnail size-post-thumbnail wp-post-image\" alt=\"ROHEL Tony\" style=\"width:100%;height:100%;object-fit:cover;\" srcset=\"https:\/\/www.institut-foton.eu\/wp-content\/uploads\/Personnels\/rohel_tony.jpg 512w, https:\/\/www.institut-foton.eu\/wp-content\/uploads\/Personnels\/rohel_tony-300x300.jpg 300w, https:\/\/www.institut-foton.eu\/wp-content\/uploads\/Personnels\/rohel_tony-150x150.jpg 150w, https:\/\/www.institut-foton.eu\/wp-content\/uploads\/Personnels\/rohel_tony-270x270.jpg 270w, https:\/\/www.institut-foton.eu\/wp-content\/uploads\/Personnels\/rohel_tony-230x230.jpg 230w\" sizes=\"auto, (max-width: 512px) 100vw, 512px\" \/><\/a><\/figure>\n\n<h3 class=\"has-text-align-center wp-block-post-title has-small-font-size\"><a href=\"https:\/\/www.institut-foton.eu\/en\/rohel-tony\/\" target=\"_self\" >ROHEL Tony<\/a><\/h3>\n\n<div class=\"has-text-align-left minimargetop wp-block-post-excerpt has-small-font-size\"><p class=\"wp-block-post-excerpt__excerpt\">(+33)2&nbsp;23&nbsp;23&nbsp;88&nbsp;72 Assistant Engineer <\/p><\/div>\n\n\n<hr class=\"wp-block-separator has-css-opacity\"\/>\n\n<\/li><li class=\"wp-block-post post-3660 post type-post status-publish format-standard has-post-thumbnail hentry category-personnels category-personnels-techniques-et-administratifs tag-departement-ohm tag-nanorennes\">\n<figure style=\"aspect-ratio:1;width:100%;\" class=\"alignwide wp-block-post-featured-image\"><a href=\"https:\/\/www.institut-foton.eu\/en\/tavernier-karine\/\" target=\"_self\"  ><img loading=\"lazy\" decoding=\"async\" width=\"389\" height=\"450\" src=\"https:\/\/www.institut-foton.eu\/wp-content\/uploads\/Personnels\/tavernier_karine.jpg\" class=\"attachment-post-thumbnail size-post-thumbnail wp-post-image\" alt=\"TAVERNIER Karine\" style=\"width:100%;height:100%;object-fit:cover;\" srcset=\"https:\/\/www.institut-foton.eu\/wp-content\/uploads\/Personnels\/tavernier_karine.jpg 389w, https:\/\/www.institut-foton.eu\/wp-content\/uploads\/Personnels\/tavernier_karine-259x300.jpg 259w\" sizes=\"auto, (max-width: 389px) 100vw, 389px\" \/><\/a><\/figure>\n\n<h3 class=\"has-text-align-center wp-block-post-title has-small-font-size\"><a href=\"https:\/\/www.institut-foton.eu\/en\/tavernier-karine\/\" target=\"_self\" >TAVERNIER Karine<\/a><\/h3>\n\n<div class=\"has-text-align-left minimargetop wp-block-post-excerpt has-small-font-size\"><p class=\"wp-block-post-excerpt__excerpt\">(+33)2&nbsp;23&nbsp;23&nbsp;87&nbsp;07 Assistant Engineer <\/p><\/div>\n\n\n<hr class=\"wp-block-separator has-css-opacity\"\/>\n\n<\/li><\/ul>\n\n<\/div>\n","protected":false},"excerpt":{"rendered":"<p>[RENATECH+] Cr\u00e9\u00e9e dans les environs de 2007, la plateforme nanoRennes est issue de la volont\u00e9 du CNRS de mutualiser les \u00e9quipements d\u00e9di\u00e9s \u00e0 la micro-nanofabrication. Cette plateforme consiste en la mutualisation des moyens technologiques et humains des laboratoires DMM-IETR (D\u00e9partement Micro\u00e9lectronique &#038; Microcapteur-IETR) et FOTON\u2013INSA de Rennes.<\/p>\n","protected":false},"author":3,"featured_media":6273,"parent":58,"menu_order":0,"comment_status":"closed","ping_status":"closed","template":"","meta":{"inline_featured_image":false,"footnotes":""},"class_list":["post-61","page","type-page","status-publish","has-post-thumbnail","hentry"],"translation":{"provider":"WPGlobus","version":"3.0.2","language":"en","enabled_languages":["fr","en"],"languages":{"fr":{"title":true,"content":true,"excerpt":true},"en":{"title":true,"content":true,"excerpt":false}}},"_links":{"self":[{"href":"https:\/\/www.institut-foton.eu\/en\/wp-json\/wp\/v2\/pages\/61","targetHints":{"allow":["GET"]}}],"collection":[{"href":"https:\/\/www.institut-foton.eu\/en\/wp-json\/wp\/v2\/pages"}],"about":[{"href":"https:\/\/www.institut-foton.eu\/en\/wp-json\/wp\/v2\/types\/page"}],"author":[{"embeddable":true,"href":"https:\/\/www.institut-foton.eu\/en\/wp-json\/wp\/v2\/users\/3"}],"replies":[{"embeddable":true,"href":"https:\/\/www.institut-foton.eu\/en\/wp-json\/wp\/v2\/comments?post=61"}],"version-history":[{"count":36,"href":"https:\/\/www.institut-foton.eu\/en\/wp-json\/wp\/v2\/pages\/61\/revisions"}],"predecessor-version":[{"id":11913,"href":"https:\/\/www.institut-foton.eu\/en\/wp-json\/wp\/v2\/pages\/61\/revisions\/11913"}],"up":[{"embeddable":true,"href":"https:\/\/www.institut-foton.eu\/en\/wp-json\/wp\/v2\/pages\/58"}],"wp:featuredmedia":[{"embeddable":true,"href":"https:\/\/www.institut-foton.eu\/en\/wp-json\/wp\/v2\/media\/6273"}],"wp:attachment":[{"href":"https:\/\/www.institut-foton.eu\/en\/wp-json\/wp\/v2\/media?parent=61"}],"curies":[{"name":"wp","href":"https:\/\/api.w.org\/{rel}","templated":true}]}}